{"id":449,"date":"2019-09-11T12:06:19","date_gmt":"2019-09-11T10:06:19","guid":{"rendered":"https:\/\/www.poesie-italiane.de\/?page_id=449"},"modified":"2022-09-29T08:42:04","modified_gmt":"2022-09-29T06:42:04","slug":"de-la-fuente","status":"publish","type":"page","link":"https:\/\/www.poesie-italiane.de\/es\/gedichte\/de-la-fuente\/","title":{"rendered":"De la fuente"},"content":{"rendered":"[vc_row sidebar_id=\u00bbsidebar-15&#8243; el_id=\u00bbsprachen\u00bb title=\u00bb\u00bb][vc_column][vc_widget_sidebar sidebar_id=\u00bbsidebar-15&#8243; el_id=\u00bbsprachen\u00bb][\/vc_column][\/vc_row][vc_row css=\u00bb.vc_custom_1570197959128{padding-top: 30px !important;}\u00bb][vc_column width=\u00bb1\/2&#8243;][vc_single_image image=\u00bb1000&#8243; img_size=\u00bb252&#215;390&#8243; alignment=\u00bbcenter\u00bb style=\u00bbvc_box_shadow\u00bb onclick=\u00bbcustom_link\u00bb img_link_target=\u00bb_blank\u00bb link=\u00bbhttps:\/\/www.amazon.de\/gp\/product\/3947989164\/\u00bb][mk_button dimension=\u00bbtwo\u00bb size=\u00bbmedium\u00bb icon=\u00bbmk-jupiter-icon-simple-amazon\u00bb url=\u00bbhttps:\/\/www.amazon.de\/gp\/product\/3947989164\/\u00bb target=\u00bb_blank\u00bb nofollow=\u00bbtrue\u00bb align=\u00bbcenter\u00bb bg_color=\u00bb#efbc3b\u00bb]Bei Amazon kaufen[\/mk_button][\/vc_column][vc_column width=\u00bb1\/2&#8243;][vc_column_text css=\u00bb.vc_custom_1568196374615{margin-bottom: 0px !important;}\u00bb]\n<h3>La fuente<\/h3>\n<p>\u2018Tu poes\u00eda<br \/>\nviene del coraz\u00f3n<br \/>\ny entra<br \/>\nen un instante<br \/>\ndirectamente al m\u00edo\u2019.<br \/>\nUn bello cumplido.<br \/>\n\u00bfPero c\u00f3mo escribo?<br \/>\n\u00bfSiento,<br \/>\npienso,<br \/>\ninvento?<br \/>\nNo lo creo.<br \/>\nYo solamente recibo<br \/>\nde la gran fuente<br \/>\ncon el coraz\u00f3n abierto.<\/p>\n<h3>Instantes<\/h3>\n<p>Vivimos instantes<br \/>\nque duran<br \/>\npara siempre.<br \/>\nSon rel\u00e1mpagos<br \/>\nluminosos<br \/>\nen el cielo,<br \/>\ntruenos fuertes<br \/>\nque hacen<br \/>\ntemblar la tierra,<br \/>\ninstantes<br \/>\nque dan<br \/>\nuna se\u00f1al<br \/>\nque nos muestran<br \/>\nnuestro<br \/>\npropio camino.[\/vc_column_text][\/vc_column][\/vc_row]\n","protected":false},"excerpt":{"rendered":"<p>[vc_row sidebar_id=\u00bbsidebar-15&#8243; el_id=\u00bbsprachen\u00bb title=\u00bb\u00bb][vc_column][vc_widget_sidebar sidebar_id=\u00bbsidebar-15&#8243; el_id=\u00bbsprachen\u00bb][\/vc_column][\/vc_row][vc_row css=\u00bb.vc_custom_1570197959128{padding-top: 30px !important;}\u00bb][vc_column width=\u00bb1\/2&#8243;][vc_single_image image=\u00bb1000&#8243; img_size=\u00bb252&#215;390&#8243; alignment=\u00bbcenter\u00bb style=\u00bbvc_box_shadow\u00bb onclick=\u00bbcustom_link\u00bb img_link_target=\u00bb_blank\u00bb link=\u00bbhttps:\/\/www.amazon.de\/gp\/product\/3947989164\/\u00bb][mk_button dimension=\u00bbtwo\u00bb size=\u00bbmedium\u00bb icon=\u00bbmk-jupiter-icon-simple-amazon\u00bb url=\u00bbhttps:\/\/www.amazon.de\/gp\/product\/3947989164\/\u00bb target=\u00bb_blank\u00bb nofollow=\u00bbtrue\u00bb align=\u00bbcenter\u00bb bg_color=\u00bb#efbc3b\u00bb]Bei Amazon kaufen[\/mk_button][\/vc_column][vc_column width=\u00bb1\/2&#8243;][vc_column_text css=\u00bb.vc_custom_1568196374615{margin-bottom: 0px !important;}\u00bb] La fuente \u2018Tu poes\u00eda viene del coraz\u00f3n y entra en un instante directamente al m\u00edo\u2019. Un bello cumplido. \u00bfPero c\u00f3mo escribo? \u00bfSiento, pienso, invento? [&hellip;]<\/p>\n","protected":false},"author":2,"featured_media":0,"parent":147,"menu_order":0,"comment_status":"closed","ping_status":"closed","template":"","meta":[],"_links":{"self":[{"href":"https:\/\/www.poesie-italiane.de\/es\/wp-json\/wp\/v2\/pages\/449\/"}],"collection":[{"href":"https:\/\/www.poesie-italiane.de\/es\/wp-json\/wp\/v2\/pages\/"}],"about":[{"href":"https:\/\/www.poesie-italiane.de\/es\/wp-json\/wp\/v2\/types\/page\/"}],"author":[{"embeddable":true,"href":"https:\/\/www.poesie-italiane.de\/es\/wp-json\/wp\/v2\/users\/2\/"}],"replies":[{"embeddable":true,"href":"https:\/\/www.poesie-italiane.de\/es\/wp-json\/wp\/v2\/comments\/?post=449"}],"version-history":[{"count":6,"href":"https:\/\/www.poesie-italiane.de\/es\/wp-json\/wp\/v2\/pages\/449\/revisions\/"}],"predecessor-version":[{"id":1189,"href":"https:\/\/www.poesie-italiane.de\/es\/wp-json\/wp\/v2\/pages\/449\/revisions\/1189\/"}],"up":[{"embeddable":true,"href":"https:\/\/www.poesie-italiane.de\/es\/wp-json\/wp\/v2\/pages\/147\/"}],"wp:attachment":[{"href":"https:\/\/www.poesie-italiane.de\/es\/wp-json\/wp\/v2\/media\/?parent=449"}],"curies":[{"name":"wp","href":"https:\/\/api.w.org\/{rel}","templated":true}]}}