{"id":497,"date":"2019-09-11T12:59:29","date_gmt":"2019-09-11T10:59:29","guid":{"rendered":"https:\/\/www.poesie-italiane.de\/?page_id=497"},"modified":"2022-09-29T08:51:20","modified_gmt":"2022-09-29T06:51:20","slug":"minun-naekoekulmastani","status":"publish","type":"page","link":"https:\/\/www.poesie-italiane.de\/fi\/runous\/minun-naekoekulmastani\/","title":{"rendered":"Minun n\u00e4k\u00f6kulmastani"},"content":{"rendered":"[vc_row sidebar_id=&#8221;sidebar-15&#8243; el_id=&#8221;sprachen&#8221; title=&#8221;&#8221;][vc_column][vc_widget_sidebar sidebar_id=&#8221;sidebar-15&#8243; el_id=&#8221;sprachen&#8221;][\/vc_column][\/vc_row][vc_row css=&#8221;.vc_custom_1570196735205{padding-top: 30px !important;}&#8221;][vc_column width=&#8221;1\/2&#8243;][vc_single_image image=&#8221;411&#8243; img_size=&#8221;252&#215;390&#8243; alignment=&#8221;center&#8221; style=&#8221;vc_box_shadow&#8221; onclick=&#8221;custom_link&#8221; img_link_target=&#8221;_blank&#8221; link=&#8221;https:\/\/www.amazon.de\/gp\/product\/3947989180\/&#8221;][mk_button dimension=&#8221;two&#8221; size=&#8221;medium&#8221; icon=&#8221;mk-jupiter-icon-simple-amazon&#8221; url=&#8221;https:\/\/www.amazon.de\/gp\/product\/3947989180\/&#8221; target=&#8221;_blank&#8221; nofollow=&#8221;true&#8221; align=&#8221;center&#8221; bg_color=&#8221;#efbc3b&#8221;]Bei Amazon kaufen[\/mk_button][\/vc_column][vc_column width=&#8221;1\/2&#8243;][vc_column_text css=&#8221;.vc_custom_1568199566450{margin-bottom: 0px !important;}&#8221;]\n<h3>\u00c4l\u00e4 sekoita<\/h3>\n<p>Vaikka jokin<br \/>\naate olisi<br \/>\nkuinka pyh\u00e4,<br \/>\nei saa<br \/>\nsekoittaa<br \/>\nviesti\u00e4<br \/>\nviestintuojaan.<br \/>\nJos emme<br \/>\nerota<br \/>\nl\u00e4hdett\u00e4 kaivosta<br \/>\nh\u00e4mmenn\u00e4mme<br \/>\nkaiken<br \/>\nja ehk\u00e4<br \/>\nperustamme<br \/>\nuskonnon.<\/p>\n<h3>Unta ja unelmaa<\/h3>\n<p>El\u00e4m\u00e4n voima<br \/>\nmuuttuu, mutta<br \/>\nolemassaolon<br \/>\nydin on vailla loppua.<br \/>\nOlemme kaikkea,<br \/>\nainetta ja sielua,<br \/>\nunta ja unelmaa,<br \/>\nel\u00e4mme jokaisen<br \/>\nmuodon.<br \/>\nJumalallinen voima<br \/>\nsuo meille<br \/>\nmahdollisuudet,<br \/>\nmutta itse luominen<br \/>\non meid\u00e4n<br \/>\nteht\u00e4v\u00e4mme.[\/vc_column_text][\/vc_column][\/vc_row]\n","protected":false},"excerpt":{"rendered":"<p>[vc_row sidebar_id=&#8221;sidebar-15&#8243; el_id=&#8221;sprachen&#8221; title=&#8221;&#8221;][vc_column][vc_widget_sidebar sidebar_id=&#8221;sidebar-15&#8243; el_id=&#8221;sprachen&#8221;][\/vc_column][\/vc_row][vc_row css=&#8221;.vc_custom_1570196735205{padding-top: 30px !important;}&#8221;][vc_column width=&#8221;1\/2&#8243;][vc_single_image image=&#8221;411&#8243; img_size=&#8221;252&#215;390&#8243; alignment=&#8221;center&#8221; style=&#8221;vc_box_shadow&#8221; onclick=&#8221;custom_link&#8221; img_link_target=&#8221;_blank&#8221; link=&#8221;https:\/\/www.amazon.de\/gp\/product\/3947989180\/&#8221;][mk_button dimension=&#8221;two&#8221; size=&#8221;medium&#8221; icon=&#8221;mk-jupiter-icon-simple-amazon&#8221; url=&#8221;https:\/\/www.amazon.de\/gp\/product\/3947989180\/&#8221; target=&#8221;_blank&#8221; nofollow=&#8221;true&#8221; align=&#8221;center&#8221; bg_color=&#8221;#efbc3b&#8221;]Bei Amazon kaufen[\/mk_button][\/vc_column][vc_column width=&#8221;1\/2&#8243;][vc_column_text css=&#8221;.vc_custom_1568199566450{margin-bottom: 0px !important;}&#8221;] \u00c4l\u00e4 sekoita Vaikka jokin aate olisi kuinka pyh\u00e4, ei saa sekoittaa viesti\u00e4 viestintuojaan. Jos emme erota l\u00e4hdett\u00e4 kaivosta h\u00e4mmenn\u00e4mme kaiken ja ehk\u00e4 perustamme uskonnon. [&hellip;]<\/p>\n","protected":false},"author":2,"featured_media":0,"parent":254,"menu_order":0,"comment_status":"closed","ping_status":"closed","template":"","meta":[],"_links":{"self":[{"href":"https:\/\/www.poesie-italiane.de\/fi\/wp-json\/wp\/v2\/pages\/497\/"}],"collection":[{"href":"https:\/\/www.poesie-italiane.de\/fi\/wp-json\/wp\/v2\/pages\/"}],"about":[{"href":"https:\/\/www.poesie-italiane.de\/fi\/wp-json\/wp\/v2\/types\/page\/"}],"author":[{"embeddable":true,"href":"https:\/\/www.poesie-italiane.de\/fi\/wp-json\/wp\/v2\/users\/2\/"}],"replies":[{"embeddable":true,"href":"https:\/\/www.poesie-italiane.de\/fi\/wp-json\/wp\/v2\/comments\/?post=497"}],"version-history":[{"count":5,"href":"https:\/\/www.poesie-italiane.de\/fi\/wp-json\/wp\/v2\/pages\/497\/revisions\/"}],"predecessor-version":[{"id":1202,"href":"https:\/\/www.poesie-italiane.de\/fi\/wp-json\/wp\/v2\/pages\/497\/revisions\/1202\/"}],"up":[{"embeddable":true,"href":"https:\/\/www.poesie-italiane.de\/fi\/wp-json\/wp\/v2\/pages\/254\/"}],"wp:attachment":[{"href":"https:\/\/www.poesie-italiane.de\/fi\/wp-json\/wp\/v2\/media\/?parent=497"}],"curies":[{"name":"wp","href":"https:\/\/api.w.org\/{rel}","templated":true}]}}